{"id":709,"date":"2016-11-28T16:00:19","date_gmt":"2016-11-28T15:00:19","guid":{"rendered":"http:\/\/www.scolaire-collines.com\/college\/?page_id=709"},"modified":"2016-11-28T16:39:50","modified_gmt":"2016-11-28T15:39:50","slug":"les-jardiniers-des-collines","status":"publish","type":"page","link":"https:\/\/www.scolaire-collines.com\/college\/infos-pratiques\/les-activites-du-temps-de-midi\/les-jardiniers-des-collines\/","title":{"rendered":"Les jardiniers des Collines"},"content":{"rendered":"<p style=\"text-align: center;\">\u00a0<a href=\"http:\/\/www.scolaire-collines.com\/college\/wp-content\/uploads\/2011\/01\/jardin4.jpg\"><img loading=\"lazy\" decoding=\"async\" class=\"aligncenter size-large wp-image-739\" title=\"jardin4\" src=\"http:\/\/www.scolaire-collines.com\/college\/wp-content\/uploads\/2011\/01\/jardin4-1024x768.jpg\" alt=\"\" width=\"516\" height=\"387\" \/><\/a><\/p>\n<p style=\"text-align: center;\"><strong>\u00a0\u00a0\u00a0<span style=\"font-family: arial,helvetica,sans-serif;\"> Une activit\u00e9 jardinage dans le respect de la Nature et \u00e0 son rythme\u2026<\/span><\/strong><\/p>\n<p style=\"text-align: center;\"><span style=\"font-family: arial,helvetica,sans-serif;\"><strong>\u00a0\u00a0\u00a0\u00a0Les \u00e9l\u00e8ves s\u2019occupent du jardin potager et des espaces fleuris du coll\u00e8ge.\u00a0<\/strong><\/span><\/p>\n<p style=\"text-align: center;\"><span style=\"font-family: arial,helvetica,sans-serif;\"><strong>\u00a0\u00a0\u00a0\u00a0La production de l\u00e9gumes est r\u00e9serv\u00e9e aux jardiniers,\u00a0l<\/strong><strong>e surplus est \u00a0revendu aux professeurs. <\/strong><\/span><\/p>\n<p style=\"text-align: center;\"><span style=\"font-family: arial,helvetica,sans-serif;\"><strong>\u00a0\u00a0\u00a0\u00a0Ces b\u00e9n\u00e9fices sont r\u00e9serv\u00e9s \u00e0 l\u2019association \u00ab\u00a0Ouverture aux Cultures\u00a0\u00bb qui parraine une \u00e9cole \u00e0 Dakar.<\/strong><\/span><\/p>\n<p style=\"text-align: center;\"><span style=\"font-family: arial,helvetica,sans-serif;\"><a href=\"http:\/\/www.scolaire-collines.com\/college\/wp-content\/uploads\/2011\/01\/jardin12.jpg\"><img loading=\"lazy\" decoding=\"async\" class=\"aligncenter size-full wp-image-737\" title=\"jardin1\" src=\"http:\/\/www.scolaire-collines.com\/college\/wp-content\/uploads\/2011\/01\/jardin12.jpg\" alt=\"\" width=\"619\" height=\"412\" \/><\/a><\/span><\/p>\n","protected":false},"excerpt":{"rendered":"<p>\u00a0 \u00a0\u00a0\u00a0 Une activit\u00e9 jardinage dans le respect de la Nature et \u00e0 son rythme\u2026 \u00a0\u00a0\u00a0\u00a0Les \u00e9l\u00e8ves s\u2019occupent du jardin potager et des espaces fleuris du coll\u00e8ge.\u00a0 \u00a0\u00a0\u00a0\u00a0La production de l\u00e9gumes est r\u00e9serv\u00e9e aux jardiniers,\u00a0le surplus est \u00a0revendu aux professeurs. \u00a0\u00a0\u00a0\u00a0Ces b\u00e9n\u00e9fices sont r\u00e9serv\u00e9s \u00e0 l\u2019association \u00ab\u00a0Ouverture aux Cultures\u00a0\u00bb qui parraine une \u00e9cole \u00e0 Dakar.<\/p>\n","protected":false},"author":1,"featured_media":0,"parent":695,"menu_order":1,"comment_status":"closed","ping_status":"closed","template":"","meta":{"_acf_changed":false,"_et_pb_use_builder":"","_et_pb_old_content":"","_et_gb_content_width":"","footnotes":""},"class_list":["post-709","page","type-page","status-publish","hentry"],"acf":[],"yoast_head":"<!-- This site is optimized with the Yoast SEO plugin v27.4 - https:\/\/yoast.com\/product\/yoast-seo-wordpress\/ -->\n<title>Les jardiniers des Collines - Coll\u00e8ge Notre-Dame des Collines<\/title>\n<meta name=\"robots\" content=\"index, follow, max-snippet:-1, max-image-preview:large, max-video-preview:-1\" \/>\n<link rel=\"canonical\" href=\"https:\/\/www.scolaire-collines.com\/college\/infos-pratiques\/les-activites-du-temps-de-midi\/les-jardiniers-des-collines\/\" \/>\n<meta property=\"og:locale\" content=\"fr_FR\" \/>\n<meta property=\"og:type\" content=\"article\" \/>\n<meta property=\"og:title\" content=\"Les jardiniers des Collines - Coll\u00e8ge Notre-Dame des Collines\" \/>\n<meta property=\"og:description\" content=\"\u00a0 \u00a0\u00a0\u00a0 Une activit\u00e9 jardinage dans le respect de la Nature et \u00e0 son rythme\u2026 \u00a0\u00a0\u00a0\u00a0Les \u00e9l\u00e8ves s\u2019occupent du jardin potager et des espaces fleuris du coll\u00e8ge.\u00a0 \u00a0\u00a0\u00a0\u00a0La production de l\u00e9gumes est r\u00e9serv\u00e9e aux jardiniers,\u00a0le surplus est \u00a0revendu aux professeurs. \u00a0\u00a0\u00a0\u00a0Ces b\u00e9n\u00e9fices sont r\u00e9serv\u00e9s \u00e0 l\u2019association \u00ab\u00a0Ouverture aux Cultures\u00a0\u00bb qui parraine une \u00e9cole \u00e0 Dakar.\" \/>\n<meta property=\"og:url\" content=\"https:\/\/www.scolaire-collines.com\/college\/infos-pratiques\/les-activites-du-temps-de-midi\/les-jardiniers-des-collines\/\" \/>\n<meta property=\"og:site_name\" content=\"Coll\u00e8ge Notre-Dame des Collines\" \/>\n<meta property=\"article:modified_time\" content=\"2016-11-28T15:39:50+00:00\" \/>\n<meta property=\"og:image\" content=\"http:\/\/www.scolaire-collines.com\/college\/wp-content\/uploads\/2011\/01\/jardin4-1024x768.jpg\" \/>\n<meta name=\"twitter:card\" content=\"summary_large_image\" \/>\n<script type=\"application\/ld+json\" class=\"yoast-schema-graph\">{\"@context\":\"https:\\\/\\\/schema.org\",\"@graph\":[{\"@type\":\"WebPage\",\"@id\":\"https:\\\/\\\/www.scolaire-collines.com\\\/college\\\/infos-pratiques\\\/les-activites-du-temps-de-midi\\\/les-jardiniers-des-collines\\\/\",\"url\":\"https:\\\/\\\/www.scolaire-collines.com\\\/college\\\/infos-pratiques\\\/les-activites-du-temps-de-midi\\\/les-jardiniers-des-collines\\\/\",\"name\":\"Les jardiniers des Collines - Coll\u00e8ge Notre-Dame des Collines\",\"isPartOf\":{\"@id\":\"https:\\\/\\\/www.scolaire-collines.com\\\/college\\\/#website\"},\"primaryImageOfPage\":{\"@id\":\"https:\\\/\\\/www.scolaire-collines.com\\\/college\\\/infos-pratiques\\\/les-activites-du-temps-de-midi\\\/les-jardiniers-des-collines\\\/#primaryimage\"},\"image\":{\"@id\":\"https:\\\/\\\/www.scolaire-collines.com\\\/college\\\/infos-pratiques\\\/les-activites-du-temps-de-midi\\\/les-jardiniers-des-collines\\\/#primaryimage\"},\"thumbnailUrl\":\"http:\\\/\\\/www.scolaire-collines.com\\\/college\\\/wp-content\\\/uploads\\\/2011\\\/01\\\/jardin4-1024x768.jpg\",\"datePublished\":\"2016-11-28T15:00:19+00:00\",\"dateModified\":\"2016-11-28T15:39:50+00:00\",\"breadcrumb\":{\"@id\":\"https:\\\/\\\/www.scolaire-collines.com\\\/college\\\/infos-pratiques\\\/les-activites-du-temps-de-midi\\\/les-jardiniers-des-collines\\\/#breadcrumb\"},\"inLanguage\":\"fr-FR\",\"potentialAction\":[{\"@type\":\"ReadAction\",\"target\":[\"https:\\\/\\\/www.scolaire-collines.com\\\/college\\\/infos-pratiques\\\/les-activites-du-temps-de-midi\\\/les-jardiniers-des-collines\\\/\"]}]},{\"@type\":\"ImageObject\",\"inLanguage\":\"fr-FR\",\"@id\":\"https:\\\/\\\/www.scolaire-collines.com\\\/college\\\/infos-pratiques\\\/les-activites-du-temps-de-midi\\\/les-jardiniers-des-collines\\\/#primaryimage\",\"url\":\"http:\\\/\\\/www.scolaire-collines.com\\\/college\\\/wp-content\\\/uploads\\\/2011\\\/01\\\/jardin4-1024x768.jpg\",\"contentUrl\":\"http:\\\/\\\/www.scolaire-collines.com\\\/college\\\/wp-content\\\/uploads\\\/2011\\\/01\\\/jardin4-1024x768.jpg\"},{\"@type\":\"BreadcrumbList\",\"@id\":\"https:\\\/\\\/www.scolaire-collines.com\\\/college\\\/infos-pratiques\\\/les-activites-du-temps-de-midi\\\/les-jardiniers-des-collines\\\/#breadcrumb\",\"itemListElement\":[{\"@type\":\"ListItem\",\"position\":1,\"name\":\"Accueil\",\"item\":\"https:\\\/\\\/www.scolaire-collines.com\\\/college\\\/\"},{\"@type\":\"ListItem\",\"position\":2,\"name\":\"Infos pratiques\",\"item\":\"http:\\\/\\\/www.scolaire-collines.com\\\/college\\\/infos-pratiques\\\/\"},{\"@type\":\"ListItem\",\"position\":3,\"name\":\"Le temps de midi\",\"item\":\"https:\\\/\\\/www.scolaire-collines.com\\\/college\\\/infos-pratiques\\\/les-activites-du-temps-de-midi\\\/\"},{\"@type\":\"ListItem\",\"position\":4,\"name\":\"Les jardiniers des Collines\"}]},{\"@type\":\"WebSite\",\"@id\":\"https:\\\/\\\/www.scolaire-collines.com\\\/college\\\/#website\",\"url\":\"https:\\\/\\\/www.scolaire-collines.com\\\/college\\\/\",\"name\":\"Coll\u00e8ge Notre-Dame des Collines\",\"description\":\"Un coll\u00e8ge qui fait grandir\",\"potentialAction\":[{\"@type\":\"SearchAction\",\"target\":{\"@type\":\"EntryPoint\",\"urlTemplate\":\"https:\\\/\\\/www.scolaire-collines.com\\\/college\\\/?s={search_term_string}\"},\"query-input\":{\"@type\":\"PropertyValueSpecification\",\"valueRequired\":true,\"valueName\":\"search_term_string\"}}],\"inLanguage\":\"fr-FR\"}]}<\/script>\n<!-- \/ Yoast SEO plugin. -->","yoast_head_json":{"title":"Les jardiniers des Collines - Coll\u00e8ge Notre-Dame des Collines","robots":{"index":"index","follow":"follow","max-snippet":"max-snippet:-1","max-image-preview":"max-image-preview:large","max-video-preview":"max-video-preview:-1"},"canonical":"https:\/\/www.scolaire-collines.com\/college\/infos-pratiques\/les-activites-du-temps-de-midi\/les-jardiniers-des-collines\/","og_locale":"fr_FR","og_type":"article","og_title":"Les jardiniers des Collines - Coll\u00e8ge Notre-Dame des Collines","og_description":"\u00a0 \u00a0\u00a0\u00a0 Une activit\u00e9 jardinage dans le respect de la Nature et \u00e0 son rythme\u2026 \u00a0\u00a0\u00a0\u00a0Les \u00e9l\u00e8ves s\u2019occupent du jardin potager et des espaces fleuris du coll\u00e8ge.\u00a0 \u00a0\u00a0\u00a0\u00a0La production de l\u00e9gumes est r\u00e9serv\u00e9e aux jardiniers,\u00a0le surplus est \u00a0revendu aux professeurs. \u00a0\u00a0\u00a0\u00a0Ces b\u00e9n\u00e9fices sont r\u00e9serv\u00e9s \u00e0 l\u2019association \u00ab\u00a0Ouverture aux Cultures\u00a0\u00bb qui parraine une \u00e9cole \u00e0 Dakar.","og_url":"https:\/\/www.scolaire-collines.com\/college\/infos-pratiques\/les-activites-du-temps-de-midi\/les-jardiniers-des-collines\/","og_site_name":"Coll\u00e8ge Notre-Dame des Collines","article_modified_time":"2016-11-28T15:39:50+00:00","og_image":[{"url":"http:\/\/www.scolaire-collines.com\/college\/wp-content\/uploads\/2011\/01\/jardin4-1024x768.jpg","type":"","width":"","height":""}],"twitter_card":"summary_large_image","schema":{"@context":"https:\/\/schema.org","@graph":[{"@type":"WebPage","@id":"https:\/\/www.scolaire-collines.com\/college\/infos-pratiques\/les-activites-du-temps-de-midi\/les-jardiniers-des-collines\/","url":"https:\/\/www.scolaire-collines.com\/college\/infos-pratiques\/les-activites-du-temps-de-midi\/les-jardiniers-des-collines\/","name":"Les jardiniers des Collines - Coll\u00e8ge Notre-Dame des Collines","isPartOf":{"@id":"https:\/\/www.scolaire-collines.com\/college\/#website"},"primaryImageOfPage":{"@id":"https:\/\/www.scolaire-collines.com\/college\/infos-pratiques\/les-activites-du-temps-de-midi\/les-jardiniers-des-collines\/#primaryimage"},"image":{"@id":"https:\/\/www.scolaire-collines.com\/college\/infos-pratiques\/les-activites-du-temps-de-midi\/les-jardiniers-des-collines\/#primaryimage"},"thumbnailUrl":"http:\/\/www.scolaire-collines.com\/college\/wp-content\/uploads\/2011\/01\/jardin4-1024x768.jpg","datePublished":"2016-11-28T15:00:19+00:00","dateModified":"2016-11-28T15:39:50+00:00","breadcrumb":{"@id":"https:\/\/www.scolaire-collines.com\/college\/infos-pratiques\/les-activites-du-temps-de-midi\/les-jardiniers-des-collines\/#breadcrumb"},"inLanguage":"fr-FR","potentialAction":[{"@type":"ReadAction","target":["https:\/\/www.scolaire-collines.com\/college\/infos-pratiques\/les-activites-du-temps-de-midi\/les-jardiniers-des-collines\/"]}]},{"@type":"ImageObject","inLanguage":"fr-FR","@id":"https:\/\/www.scolaire-collines.com\/college\/infos-pratiques\/les-activites-du-temps-de-midi\/les-jardiniers-des-collines\/#primaryimage","url":"http:\/\/www.scolaire-collines.com\/college\/wp-content\/uploads\/2011\/01\/jardin4-1024x768.jpg","contentUrl":"http:\/\/www.scolaire-collines.com\/college\/wp-content\/uploads\/2011\/01\/jardin4-1024x768.jpg"},{"@type":"BreadcrumbList","@id":"https:\/\/www.scolaire-collines.com\/college\/infos-pratiques\/les-activites-du-temps-de-midi\/les-jardiniers-des-collines\/#breadcrumb","itemListElement":[{"@type":"ListItem","position":1,"name":"Accueil","item":"https:\/\/www.scolaire-collines.com\/college\/"},{"@type":"ListItem","position":2,"name":"Infos pratiques","item":"http:\/\/www.scolaire-collines.com\/college\/infos-pratiques\/"},{"@type":"ListItem","position":3,"name":"Le temps de midi","item":"https:\/\/www.scolaire-collines.com\/college\/infos-pratiques\/les-activites-du-temps-de-midi\/"},{"@type":"ListItem","position":4,"name":"Les jardiniers des Collines"}]},{"@type":"WebSite","@id":"https:\/\/www.scolaire-collines.com\/college\/#website","url":"https:\/\/www.scolaire-collines.com\/college\/","name":"Coll\u00e8ge Notre-Dame des Collines","description":"Un coll\u00e8ge qui fait grandir","potentialAction":[{"@type":"SearchAction","target":{"@type":"EntryPoint","urlTemplate":"https:\/\/www.scolaire-collines.com\/college\/?s={search_term_string}"},"query-input":{"@type":"PropertyValueSpecification","valueRequired":true,"valueName":"search_term_string"}}],"inLanguage":"fr-FR"}]}},"_links":{"self":[{"href":"https:\/\/www.scolaire-collines.com\/college\/wp-json\/wp\/v2\/pages\/709","targetHints":{"allow":["GET"]}}],"collection":[{"href":"https:\/\/www.scolaire-collines.com\/college\/wp-json\/wp\/v2\/pages"}],"about":[{"href":"https:\/\/www.scolaire-collines.com\/college\/wp-json\/wp\/v2\/types\/page"}],"author":[{"embeddable":true,"href":"https:\/\/www.scolaire-collines.com\/college\/wp-json\/wp\/v2\/users\/1"}],"replies":[{"embeddable":true,"href":"https:\/\/www.scolaire-collines.com\/college\/wp-json\/wp\/v2\/comments?post=709"}],"version-history":[{"count":2,"href":"https:\/\/www.scolaire-collines.com\/college\/wp-json\/wp\/v2\/pages\/709\/revisions"}],"predecessor-version":[{"id":2181,"href":"https:\/\/www.scolaire-collines.com\/college\/wp-json\/wp\/v2\/pages\/709\/revisions\/2181"}],"up":[{"embeddable":true,"href":"https:\/\/www.scolaire-collines.com\/college\/wp-json\/wp\/v2\/pages\/695"}],"wp:attachment":[{"href":"https:\/\/www.scolaire-collines.com\/college\/wp-json\/wp\/v2\/media?parent=709"}],"curies":[{"name":"wp","href":"https:\/\/api.w.org\/{rel}","templated":true}]}}