{"id":267,"date":"2016-11-29T09:00:38","date_gmt":"2016-11-29T08:00:38","guid":{"rendered":"http:\/\/www.scolaire-collines.com\/college\/?page_id=267"},"modified":"2016-11-29T10:18:56","modified_gmt":"2016-11-29T09:18:56","slug":"lanimation-pastorale","status":"publish","type":"page","link":"https:\/\/www.scolaire-collines.com\/college\/projets\/projet-detablissement\/lanimation-pastorale\/","title":{"rendered":"l&rsquo;animation pastorale"},"content":{"rendered":"<p><span style=\"font-family: arial,helvetica,sans-serif;\">L\u2019accueil et la disponibilit\u00e9 de l\u2019\u00e9quipe pastorale permettent de d\u00e9velopper un certain nombre de projets\u00a0 favorisant chez les\u00a0 membres de la communaut\u00e9 \u00e9ducative une prise de conscience de la dimension sp\u00e9cifique de notre \u00e9tablissement et de sa r\u00e9f\u00e9rence \u00e9vang\u00e9lique.<\/span><\/p>\n<p><span style=\"font-family: arial,helvetica,sans-serif;\">Propositions de temps forts, temps de r\u00e9flexion humaine et chr\u00e9tienne, actions de solidarit\u00e9, propositions cat\u00e9ch\u00e9tiques et sacramentelles, c\u00e9l\u00e9bration liturgiques\u00a0 constituent autant de possibilit\u00e9s d\u2019approfondissement du sens de leur vie pour les jeunes.<\/span><\/p>\n<p><span style=\"font-family: arial,helvetica,sans-serif;\">Le travail\u00a0 pastoral en lien avec la paroisse\u00a0 et\u00a0 le suivi de l\u2019ann\u00e9e liturgique\u00a0 favorisent\u00a0 notre participation\u00a0 \u00e0 la vie eccl\u00e9siale et\u00a0 donnent sens \u00e0 l\u2019annonce de La Bonne Nouvelle.<\/span><\/p>\n<p><span style=\"font-family: arial,helvetica,sans-serif;\"><strong>Dans la poursuite de toute cette d\u00e9marche\u00a0 et en fid\u00e9lit\u00e9 \u00e0 la d\u00e9marche des assises de l\u2019Enseignement catholique, nous voudrions\u00a0:<\/strong><\/span><\/p>\n<p><span style=\"font-family: arial,helvetica,sans-serif;\"><strong>\u00a0<\/strong><\/span><\/p>\n<ul>\n<li><span style=\"font-family: arial,helvetica,sans-serif;\">\u00a0Favoriser un autre regard sur les activit\u00e9s pastorales et les personnes qui s\u2019y engagent,<\/span><\/li>\n<\/ul>\n<p style=\"padding-left: 30px;\"><span style=\"font-family: arial,helvetica,sans-serif;\">En\u00a0 r\u00e9fl\u00e9chissant au sens de la pastorale et \u00e0 son organisation<\/span><\/p>\n<p style=\"padding-left: 30px;\"><span style=\"font-family: arial,helvetica,sans-serif;\">En informant davantage la communaut\u00e9 \u00e9ducative sur les r\u00e9alisations<\/span><\/p>\n<p style=\"padding-left: 30px;\"><span style=\"font-family: arial,helvetica,sans-serif;\">En\u00a0 partageant davantage sur les identit\u00e9s religieuses sp\u00e9cifiques des \u00e9l\u00e8ves de l\u2019\u00e9tablissement<\/span><\/p>\n<p style=\"padding-left: 30px;\"><span style=\"font-family: arial,helvetica,sans-serif;\">En constituant une \u00e9quipe pastorale\u00a0pour travailler ensemble, proposer des actions et les rendre visibles.<\/span><\/p>\n<ul>\n<li><span style=\"font-family: arial,helvetica,sans-serif;\">Favoriser des propositions de projets pastoraux \u00e0 l\u2019attention de tous les membres de la communaut\u00e9 \u00e9ducative et leur visibilit\u00e9.<\/span><\/li>\n<\/ul>\n<p style=\"padding-left: 30px;\"><span style=\"font-family: arial,helvetica,sans-serif;\"><em>En diversifiant les projets, <\/em><\/span><\/p>\n<p style=\"padding-left: 30px;\"><span style=\"font-family: arial,helvetica,sans-serif;\"><em>En d\u00e9veloppant les t\u00e9moignages et l\u2019ouverture au monde<\/em><\/span><\/p>\n<p style=\"padding-left: 30px;\"><span style=\"font-family: arial,helvetica,sans-serif;\"><em>En proposant c\u00e9l\u00e9brations et initiation aux sacrements.<\/em><\/span><\/p>\n","protected":false},"excerpt":{"rendered":"<p>L\u2019accueil et la disponibilit\u00e9 de l\u2019\u00e9quipe pastorale permettent de d\u00e9velopper un certain nombre de projets\u00a0 favorisant chez les\u00a0 membres de la communaut\u00e9 \u00e9ducative une prise de conscience de la dimension sp\u00e9cifique de notre \u00e9tablissement et de sa r\u00e9f\u00e9rence \u00e9vang\u00e9lique. Propositions de temps forts, temps de r\u00e9flexion humaine et chr\u00e9tienne, actions de solidarit\u00e9, propositions cat\u00e9ch\u00e9tiques et [&hellip;]<\/p>\n","protected":false},"author":1,"featured_media":0,"parent":37,"menu_order":3,"comment_status":"closed","ping_status":"closed","template":"","meta":{"_acf_changed":false,"_et_pb_use_builder":"","_et_pb_old_content":"","_et_gb_content_width":"","footnotes":""},"class_list":["post-267","page","type-page","status-publish","hentry"],"acf":[],"yoast_head":"<!-- This site is optimized with the Yoast SEO plugin v27.4 - https:\/\/yoast.com\/product\/yoast-seo-wordpress\/ -->\n<title>l&#039;animation pastorale - Coll\u00e8ge Notre-Dame des Collines<\/title>\n<meta name=\"robots\" content=\"index, follow, max-snippet:-1, max-image-preview:large, max-video-preview:-1\" \/>\n<link rel=\"canonical\" href=\"https:\/\/www.scolaire-collines.com\/college\/projets\/projet-detablissement\/lanimation-pastorale\/\" \/>\n<meta property=\"og:locale\" content=\"fr_FR\" \/>\n<meta property=\"og:type\" content=\"article\" \/>\n<meta property=\"og:title\" content=\"l&#039;animation pastorale - Coll\u00e8ge Notre-Dame des Collines\" \/>\n<meta property=\"og:description\" content=\"L\u2019accueil et la disponibilit\u00e9 de l\u2019\u00e9quipe pastorale permettent de d\u00e9velopper un certain nombre de projets\u00a0 favorisant chez les\u00a0 membres de la communaut\u00e9 \u00e9ducative une prise de conscience de la dimension sp\u00e9cifique de notre \u00e9tablissement et de sa r\u00e9f\u00e9rence \u00e9vang\u00e9lique. Propositions de temps forts, temps de r\u00e9flexion humaine et chr\u00e9tienne, actions de solidarit\u00e9, propositions cat\u00e9ch\u00e9tiques et [&hellip;]\" \/>\n<meta property=\"og:url\" content=\"https:\/\/www.scolaire-collines.com\/college\/projets\/projet-detablissement\/lanimation-pastorale\/\" \/>\n<meta property=\"og:site_name\" content=\"Coll\u00e8ge Notre-Dame des Collines\" \/>\n<meta property=\"article:modified_time\" content=\"2016-11-29T09:18:56+00:00\" \/>\n<meta name=\"twitter:card\" content=\"summary_large_image\" \/>\n<meta name=\"twitter:label1\" content=\"Dur\u00e9e de lecture estim\u00e9e\" \/>\n\t<meta name=\"twitter:data1\" content=\"1 minute\" \/>\n<script type=\"application\/ld+json\" class=\"yoast-schema-graph\">{\"@context\":\"https:\\\/\\\/schema.org\",\"@graph\":[{\"@type\":\"WebPage\",\"@id\":\"https:\\\/\\\/www.scolaire-collines.com\\\/college\\\/projets\\\/projet-detablissement\\\/lanimation-pastorale\\\/\",\"url\":\"https:\\\/\\\/www.scolaire-collines.com\\\/college\\\/projets\\\/projet-detablissement\\\/lanimation-pastorale\\\/\",\"name\":\"l'animation pastorale - Coll\u00e8ge Notre-Dame des Collines\",\"isPartOf\":{\"@id\":\"https:\\\/\\\/www.scolaire-collines.com\\\/college\\\/#website\"},\"datePublished\":\"2016-11-29T08:00:38+00:00\",\"dateModified\":\"2016-11-29T09:18:56+00:00\",\"breadcrumb\":{\"@id\":\"https:\\\/\\\/www.scolaire-collines.com\\\/college\\\/projets\\\/projet-detablissement\\\/lanimation-pastorale\\\/#breadcrumb\"},\"inLanguage\":\"fr-FR\",\"potentialAction\":[{\"@type\":\"ReadAction\",\"target\":[\"https:\\\/\\\/www.scolaire-collines.com\\\/college\\\/projets\\\/projet-detablissement\\\/lanimation-pastorale\\\/\"]}]},{\"@type\":\"BreadcrumbList\",\"@id\":\"https:\\\/\\\/www.scolaire-collines.com\\\/college\\\/projets\\\/projet-detablissement\\\/lanimation-pastorale\\\/#breadcrumb\",\"itemListElement\":[{\"@type\":\"ListItem\",\"position\":1,\"name\":\"Accueil\",\"item\":\"https:\\\/\\\/www.scolaire-collines.com\\\/college\\\/\"},{\"@type\":\"ListItem\",\"position\":2,\"name\":\"Projets\",\"item\":\"http:\\\/\\\/www.scolaire-collines.com\\\/college\\\/projets\\\/\"},{\"@type\":\"ListItem\",\"position\":3,\"name\":\"Projet d\u2019\u00e9tablissement\",\"item\":\"https:\\\/\\\/www.scolaire-collines.com\\\/college\\\/projets\\\/projet-detablissement\\\/\"},{\"@type\":\"ListItem\",\"position\":4,\"name\":\"l&rsquo;animation pastorale\"}]},{\"@type\":\"WebSite\",\"@id\":\"https:\\\/\\\/www.scolaire-collines.com\\\/college\\\/#website\",\"url\":\"https:\\\/\\\/www.scolaire-collines.com\\\/college\\\/\",\"name\":\"Coll\u00e8ge Notre-Dame des Collines\",\"description\":\"Un coll\u00e8ge qui fait grandir\",\"potentialAction\":[{\"@type\":\"SearchAction\",\"target\":{\"@type\":\"EntryPoint\",\"urlTemplate\":\"https:\\\/\\\/www.scolaire-collines.com\\\/college\\\/?s={search_term_string}\"},\"query-input\":{\"@type\":\"PropertyValueSpecification\",\"valueRequired\":true,\"valueName\":\"search_term_string\"}}],\"inLanguage\":\"fr-FR\"}]}<\/script>\n<!-- \/ Yoast SEO plugin. -->","yoast_head_json":{"title":"l'animation pastorale - Coll\u00e8ge Notre-Dame des Collines","robots":{"index":"index","follow":"follow","max-snippet":"max-snippet:-1","max-image-preview":"max-image-preview:large","max-video-preview":"max-video-preview:-1"},"canonical":"https:\/\/www.scolaire-collines.com\/college\/projets\/projet-detablissement\/lanimation-pastorale\/","og_locale":"fr_FR","og_type":"article","og_title":"l'animation pastorale - Coll\u00e8ge Notre-Dame des Collines","og_description":"L\u2019accueil et la disponibilit\u00e9 de l\u2019\u00e9quipe pastorale permettent de d\u00e9velopper un certain nombre de projets\u00a0 favorisant chez les\u00a0 membres de la communaut\u00e9 \u00e9ducative une prise de conscience de la dimension sp\u00e9cifique de notre \u00e9tablissement et de sa r\u00e9f\u00e9rence \u00e9vang\u00e9lique. Propositions de temps forts, temps de r\u00e9flexion humaine et chr\u00e9tienne, actions de solidarit\u00e9, propositions cat\u00e9ch\u00e9tiques et [&hellip;]","og_url":"https:\/\/www.scolaire-collines.com\/college\/projets\/projet-detablissement\/lanimation-pastorale\/","og_site_name":"Coll\u00e8ge Notre-Dame des Collines","article_modified_time":"2016-11-29T09:18:56+00:00","twitter_card":"summary_large_image","twitter_misc":{"Dur\u00e9e de lecture estim\u00e9e":"1 minute"},"schema":{"@context":"https:\/\/schema.org","@graph":[{"@type":"WebPage","@id":"https:\/\/www.scolaire-collines.com\/college\/projets\/projet-detablissement\/lanimation-pastorale\/","url":"https:\/\/www.scolaire-collines.com\/college\/projets\/projet-detablissement\/lanimation-pastorale\/","name":"l'animation pastorale - Coll\u00e8ge Notre-Dame des Collines","isPartOf":{"@id":"https:\/\/www.scolaire-collines.com\/college\/#website"},"datePublished":"2016-11-29T08:00:38+00:00","dateModified":"2016-11-29T09:18:56+00:00","breadcrumb":{"@id":"https:\/\/www.scolaire-collines.com\/college\/projets\/projet-detablissement\/lanimation-pastorale\/#breadcrumb"},"inLanguage":"fr-FR","potentialAction":[{"@type":"ReadAction","target":["https:\/\/www.scolaire-collines.com\/college\/projets\/projet-detablissement\/lanimation-pastorale\/"]}]},{"@type":"BreadcrumbList","@id":"https:\/\/www.scolaire-collines.com\/college\/projets\/projet-detablissement\/lanimation-pastorale\/#breadcrumb","itemListElement":[{"@type":"ListItem","position":1,"name":"Accueil","item":"https:\/\/www.scolaire-collines.com\/college\/"},{"@type":"ListItem","position":2,"name":"Projets","item":"http:\/\/www.scolaire-collines.com\/college\/projets\/"},{"@type":"ListItem","position":3,"name":"Projet d\u2019\u00e9tablissement","item":"https:\/\/www.scolaire-collines.com\/college\/projets\/projet-detablissement\/"},{"@type":"ListItem","position":4,"name":"l&rsquo;animation pastorale"}]},{"@type":"WebSite","@id":"https:\/\/www.scolaire-collines.com\/college\/#website","url":"https:\/\/www.scolaire-collines.com\/college\/","name":"Coll\u00e8ge Notre-Dame des Collines","description":"Un coll\u00e8ge qui fait grandir","potentialAction":[{"@type":"SearchAction","target":{"@type":"EntryPoint","urlTemplate":"https:\/\/www.scolaire-collines.com\/college\/?s={search_term_string}"},"query-input":{"@type":"PropertyValueSpecification","valueRequired":true,"valueName":"search_term_string"}}],"inLanguage":"fr-FR"}]}},"_links":{"self":[{"href":"https:\/\/www.scolaire-collines.com\/college\/wp-json\/wp\/v2\/pages\/267","targetHints":{"allow":["GET"]}}],"collection":[{"href":"https:\/\/www.scolaire-collines.com\/college\/wp-json\/wp\/v2\/pages"}],"about":[{"href":"https:\/\/www.scolaire-collines.com\/college\/wp-json\/wp\/v2\/types\/page"}],"author":[{"embeddable":true,"href":"https:\/\/www.scolaire-collines.com\/college\/wp-json\/wp\/v2\/users\/1"}],"replies":[{"embeddable":true,"href":"https:\/\/www.scolaire-collines.com\/college\/wp-json\/wp\/v2\/comments?post=267"}],"version-history":[{"count":2,"href":"https:\/\/www.scolaire-collines.com\/college\/wp-json\/wp\/v2\/pages\/267\/revisions"}],"predecessor-version":[{"id":2212,"href":"https:\/\/www.scolaire-collines.com\/college\/wp-json\/wp\/v2\/pages\/267\/revisions\/2212"}],"up":[{"embeddable":true,"href":"https:\/\/www.scolaire-collines.com\/college\/wp-json\/wp\/v2\/pages\/37"}],"wp:attachment":[{"href":"https:\/\/www.scolaire-collines.com\/college\/wp-json\/wp\/v2\/media?parent=267"}],"curies":[{"name":"wp","href":"https:\/\/api.w.org\/{rel}","templated":true}]}}