{"id":22,"date":"2013-10-31T15:03:20","date_gmt":"2013-10-31T14:03:20","guid":{"rendered":"http:\/\/www.scolaire-collines.com\/sacrecoeur\/?page_id=22"},"modified":"2023-10-10T17:01:52","modified_gmt":"2023-10-10T15:01:52","slug":"tarifs","status":"publish","type":"page","link":"http:\/\/www.scolaire-collines.com\/sacrecoeur\/infos-pratiques\/tarifs\/","title":{"rendered":"Tarifs"},"content":{"rendered":"<p style=\"text-align: justify;\">L\u2019<strong>O<\/strong>rganisme de <strong>G<\/strong>estion de l\u2019<strong>E<\/strong>cole <strong>C<\/strong>atholique <strong>Notre Dame des Collines<\/strong> sollicite les familles qui s\u2019engagent \u00e0 r\u00e9gler deux participations obligatoires : <strong>les frais de scolarit\u00e9<\/strong> et la <strong>contribution g\u00e9n\u00e9rale<\/strong>.<\/p>\n<div class=\"su-row\">\n<div class=\"su-column su-column-size-2-5\"><div class=\"su-column-inner su-u-clearfix su-u-trim\">\n<p>&nbsp;<\/p>\n<p><strong><span style=\"color: #9e438f;\">LES FRAIS DE SCOLARIT\u00c9 :<\/span><\/strong><\/p>\n<p style=\"text-align: justify;\">Ce sont les frais annuels hors enseignement : assurance responsabilit\u00e9 civile et individuelle accident, cotisation aux services de l\u2019Enseignement Catholique, mat\u00e9riel p\u00e9dagogique, activit\u00e9s, spectacles, sorties, \u2026<\/p>\n<p style=\"text-align: justify;\">Pour <strong>2023 \/ 2024<\/strong>, ils s\u2019\u00e9l\u00e8vent \u00e0 <strong>50 \u20ac par \u00e9l\u00e8ve<\/strong>. Ils sont dus pour l\u2019ann\u00e9e, quelle que soit la date de rentr\u00e9e de l\u2019enfant. Ils se r\u00e8glent lors de <span style=\"text-decoration: underline;\">l\u2019inscription ou r\u00e9inscription<\/span> (au cours du mois de mars en g\u00e9n\u00e9ral).<\/p>\n<p style=\"text-align: justify;\"><strong>En cas de d\u00e9sistement, ce montant est conserv\u00e9 par l\u2019\u00e9cole pour frais de dossier.<\/strong><\/p>\n<p>&nbsp;<\/p>\n<p>Le r\u00e8glement se fait par ch\u00e8que \u00e9tabli \u00e0 l\u2019ordre de O.G.E.C. Notre Dame ou en esp\u00e8ces contre remise d\u2019un re\u00e7u.<span style=\"font-family: Arial,sans-serif; font-size: small;\"><strong><br \/>\n<\/strong><\/span><\/p>\n<p class=\"Style8\"><\/div><\/div>\n<div class=\"su-column su-column-size-3-5\"><div class=\"su-column-inner su-u-clearfix su-u-trim\"><strong><br \/>\n<span style=\"color: #9e438f;\">LA CONTRIBUTION G\u00c9N\u00c9RALE :<\/span><\/strong><\/p>\n<p style=\"text-align: justify;\">Mensuelle ou trimestrielle, elle couvre les d\u00e9penses les plus importantes (salaires du personnel non enseignant, mise aux normes r\u00e9guli\u00e8res des b\u00e2timents, \u2026).<br \/>\nPour 2023 \/ 2024, le montant est fix\u00e9 selon le bar\u00e8me ci-dessous :<\/p>\n<table style=\"border-color: #404040; width: 664px; height: 321px;\" border=\"1\" cellspacing=\"1\" cellpadding=\"7\">\n<tbody>\n<tr>\n<td style=\"text-align: center; width: 406.5px;\"><strong>REVENUS<\/strong> = <strong>salaires<\/strong> (<span style=\"text-decoration: underline;\">revenu fiscal de r\u00e9f\u00e9rence<\/span> du foyer) des 2 parents <strong>+ prestations familiales<\/strong><\/td>\n<td style=\"text-align: center; width: 86.8667px;\"><strong>TRANCHE<\/strong><\/td>\n<td style=\"text-align: center; width: 116.633px;\"><strong>Montant MENSUEL<\/strong> par \u00e9l\u00e8ve <strong>sur 10 mois<\/strong><\/td>\n<\/tr>\n<tr>\n<td style=\"width: 406.5px;\">Revenus sup\u00e9rieurs \u00e0 50 000 \u20acuros par an<\/td>\n<td style=\"text-align: center; width: 86.8667px;\"><strong>A<\/strong><\/td>\n<td style=\"text-align: center; width: 116.633px;\"><strong>58,00 \u20ac<\/strong><\/td>\n<\/tr>\n<tr>\n<td style=\"width: 406.5px;\">Revenus compris entre 38 000,00 \u20ac et 50 000,00 \u20ac \/ an<\/td>\n<td style=\"text-align: center; width: 86.8667px;\"><strong>B<\/strong><\/td>\n<td style=\"text-align: center; width: 116.633px;\"><strong>52,00 \u20ac<\/strong><\/td>\n<\/tr>\n<tr>\n<td style=\"width: 406.5px;\">Revenus compris entre 26 000,00 \u20ac et 38 000,00 \u20ac \/ an<\/td>\n<td style=\"text-align: center; width: 86.8667px;\"><strong>C<\/strong><\/td>\n<td style=\"text-align: center; width: 116.633px;\"><strong>47,00 \u20ac<\/strong><\/td>\n<\/tr>\n<tr>\n<td style=\"width: 406.5px;\">Revenus compris entre 18 000,00 \u20ac et 26 000,00 \u20ac \/ an<\/td>\n<td style=\"text-align: center; width: 86.8667px;\"><strong>D<\/strong><\/td>\n<td style=\"text-align: center; width: 116.633px;\"><strong>38,00 \u20ac<\/strong><\/td>\n<\/tr>\n<tr>\n<td style=\"width: 406.5px;\">Revenus inf\u00e9rieurs \u00e0 18 000 \u20acuros par an<\/td>\n<td style=\"text-align: center; width: 86.8667px;\"><strong>E<\/strong><\/td>\n<td style=\"text-align: center; width: 116.633px;\"><strong>26,00 \u20ac<\/strong><\/td>\n<\/tr>\n<\/tbody>\n<\/table>\n<p>TARIF d\u00e9gressif pour les familles ayant au moins 3 enfants dans un \u00e9tablissement du Groupe Scolaire Notre Dame des Collines :<\/p>\n<ul class=\"Style8\">\n<li><strong>3\u00e8me<\/strong> enfant = <strong>1\/2 tarif <\/strong>(La remise est effectu\u00e9e sur l\u2019\u00e9l\u00e8ve le plus jeune scolaris\u00e9)<\/li>\n<li><strong>4\u00e8me et suivants <\/strong>= <strong>Gratuit\u00e9<\/strong><\/li>\n<\/ul>\n<\/div><\/div>\n<\/div>\n<p class=\"Style8\" style=\"text-align: justify;\">Pour r\u00e9gler, un <strong>pr\u00e9l\u00e8vement automatique mensuel<\/strong> facilite la gestion. Il suffit de le mentionner sur la fiche \u00ab Contribution Familiale O.G.E.C. Notre Dame des Collines\u00a0\u00bb lors de l\u2019inscription et de compl\u00e9ter l&rsquo;autorisation de pr\u00e9l\u00e8vement SEPA en joignant un R.I.B..<br \/>\nLe r\u00e8glement peut aussi se faire par ch\u00e8que \u00e9tabli \u00e0 l\u2019ordre de O.G.E.C Notre Dame des Collines ou en esp\u00e8ces contre remise d\u2019un re\u00e7u ou en C.B\u00a0 sur \u00e9cole directe, \u00e0 chaque trimestre, au plus tard le 10 des mois de septembre, janvier, avril.<\/p>\n<p style=\"text-align: justify;\">Chaque famille signe pour chaque enfant scolaris\u00e9 une Convention de Scolarisation, contrat annuel qui d\u00e9finit les obligations financi\u00e8res de la famille envers l&rsquo;\u00e9tablissement. <strong>Le non r\u00e8glement d&rsquo;une partie des sommes dues par la famille est un motif de non r\u00e9inscription des \u00e9l\u00e8ves \u00e0 la rentr\u00e9e scolaire suivante.<\/strong><\/p>\n<p>&nbsp;<\/p>\n","protected":false},"excerpt":{"rendered":"<p>L\u2019Organisme de Gestion de l\u2019Ecole Catholique Notre Dame des Collines sollicite les familles qui s\u2019engagent \u00e0 r\u00e9gler deux participations obligatoires : les frais de scolarit\u00e9 [&hellip;]<\/p>\n","protected":false},"author":1,"featured_media":0,"parent":16,"menu_order":9,"comment_status":"closed","ping_status":"closed","template":"","meta":{"_acf_changed":false,"footnotes":""},"class_list":["post-22","page","type-page","status-publish","hentry"],"acf":[],"yoast_head":"<!-- This site is optimized with the Yoast SEO plugin v24.2 - https:\/\/yoast.com\/wordpress\/plugins\/seo\/ -->\n<title>Tarifs - Ecole du Sacr\u00e9 Coeur<\/title>\n<meta name=\"robots\" content=\"index, follow, max-snippet:-1, max-image-preview:large, max-video-preview:-1\" \/>\n<link rel=\"canonical\" href=\"http:\/\/www.scolaire-collines.com\/sacrecoeur\/infos-pratiques\/tarifs\/\" \/>\n<meta property=\"og:locale\" content=\"fr_FR\" \/>\n<meta property=\"og:type\" content=\"article\" \/>\n<meta property=\"og:title\" content=\"Tarifs - Ecole du Sacr\u00e9 Coeur\" \/>\n<meta property=\"og:description\" content=\"L\u2019Organisme de Gestion de l\u2019Ecole Catholique Notre Dame des Collines sollicite les familles qui s\u2019engagent \u00e0 r\u00e9gler deux participations obligatoires : les frais de scolarit\u00e9 [&hellip;]\" \/>\n<meta property=\"og:url\" content=\"http:\/\/www.scolaire-collines.com\/sacrecoeur\/infos-pratiques\/tarifs\/\" \/>\n<meta property=\"og:site_name\" content=\"Ecole du Sacr\u00e9 Coeur\" \/>\n<meta property=\"article:modified_time\" content=\"2023-10-10T15:01:52+00:00\" \/>\n<meta name=\"twitter:card\" content=\"summary_large_image\" \/>\n<meta name=\"twitter:label1\" content=\"Dur\u00e9e de lecture estim\u00e9e\" \/>\n\t<meta name=\"twitter:data1\" content=\"2 minutes\" \/>\n<script type=\"application\/ld+json\" class=\"yoast-schema-graph\">{\"@context\":\"https:\/\/schema.org\",\"@graph\":[{\"@type\":\"WebPage\",\"@id\":\"http:\/\/www.scolaire-collines.com\/sacrecoeur\/infos-pratiques\/tarifs\/\",\"url\":\"http:\/\/www.scolaire-collines.com\/sacrecoeur\/infos-pratiques\/tarifs\/\",\"name\":\"Tarifs - Ecole du Sacr\u00e9 Coeur\",\"isPartOf\":{\"@id\":\"http:\/\/www.scolaire-collines.com\/sacrecoeur\/#website\"},\"datePublished\":\"2013-10-31T14:03:20+00:00\",\"dateModified\":\"2023-10-10T15:01:52+00:00\",\"breadcrumb\":{\"@id\":\"http:\/\/www.scolaire-collines.com\/sacrecoeur\/infos-pratiques\/tarifs\/#breadcrumb\"},\"inLanguage\":\"fr-FR\",\"potentialAction\":[{\"@type\":\"ReadAction\",\"target\":[\"http:\/\/www.scolaire-collines.com\/sacrecoeur\/infos-pratiques\/tarifs\/\"]}]},{\"@type\":\"BreadcrumbList\",\"@id\":\"http:\/\/www.scolaire-collines.com\/sacrecoeur\/infos-pratiques\/tarifs\/#breadcrumb\",\"itemListElement\":[{\"@type\":\"ListItem\",\"position\":1,\"name\":\"Accueil\",\"item\":\"http:\/\/www.scolaire-collines.com\/sacrecoeur\/\"},{\"@type\":\"ListItem\",\"position\":2,\"name\":\"Infos\",\"item\":\"http:\/\/www.scolaire-collines.com\/sacrecoeur\/infos-pratiques\/\"},{\"@type\":\"ListItem\",\"position\":3,\"name\":\"Tarifs\"}]},{\"@type\":\"WebSite\",\"@id\":\"http:\/\/www.scolaire-collines.com\/sacrecoeur\/#website\",\"url\":\"http:\/\/www.scolaire-collines.com\/sacrecoeur\/\",\"name\":\"Ecole du Sacr\u00e9 Coeur\",\"description\":\"\u00e9cole du sacr\u00e9 coeur\",\"potentialAction\":[{\"@type\":\"SearchAction\",\"target\":{\"@type\":\"EntryPoint\",\"urlTemplate\":\"http:\/\/www.scolaire-collines.com\/sacrecoeur\/?s={search_term_string}\"},\"query-input\":{\"@type\":\"PropertyValueSpecification\",\"valueRequired\":true,\"valueName\":\"search_term_string\"}}],\"inLanguage\":\"fr-FR\"}]}<\/script>\n<!-- \/ Yoast SEO plugin. -->","yoast_head_json":{"title":"Tarifs - Ecole du Sacr\u00e9 Coeur","robots":{"index":"index","follow":"follow","max-snippet":"max-snippet:-1","max-image-preview":"max-image-preview:large","max-video-preview":"max-video-preview:-1"},"canonical":"http:\/\/www.scolaire-collines.com\/sacrecoeur\/infos-pratiques\/tarifs\/","og_locale":"fr_FR","og_type":"article","og_title":"Tarifs - Ecole du Sacr\u00e9 Coeur","og_description":"L\u2019Organisme de Gestion de l\u2019Ecole Catholique Notre Dame des Collines sollicite les familles qui s\u2019engagent \u00e0 r\u00e9gler deux participations obligatoires : les frais de scolarit\u00e9 [&hellip;]","og_url":"http:\/\/www.scolaire-collines.com\/sacrecoeur\/infos-pratiques\/tarifs\/","og_site_name":"Ecole du Sacr\u00e9 Coeur","article_modified_time":"2023-10-10T15:01:52+00:00","twitter_card":"summary_large_image","twitter_misc":{"Dur\u00e9e de lecture estim\u00e9e":"2 minutes"},"schema":{"@context":"https:\/\/schema.org","@graph":[{"@type":"WebPage","@id":"http:\/\/www.scolaire-collines.com\/sacrecoeur\/infos-pratiques\/tarifs\/","url":"http:\/\/www.scolaire-collines.com\/sacrecoeur\/infos-pratiques\/tarifs\/","name":"Tarifs - Ecole du Sacr\u00e9 Coeur","isPartOf":{"@id":"http:\/\/www.scolaire-collines.com\/sacrecoeur\/#website"},"datePublished":"2013-10-31T14:03:20+00:00","dateModified":"2023-10-10T15:01:52+00:00","breadcrumb":{"@id":"http:\/\/www.scolaire-collines.com\/sacrecoeur\/infos-pratiques\/tarifs\/#breadcrumb"},"inLanguage":"fr-FR","potentialAction":[{"@type":"ReadAction","target":["http:\/\/www.scolaire-collines.com\/sacrecoeur\/infos-pratiques\/tarifs\/"]}]},{"@type":"BreadcrumbList","@id":"http:\/\/www.scolaire-collines.com\/sacrecoeur\/infos-pratiques\/tarifs\/#breadcrumb","itemListElement":[{"@type":"ListItem","position":1,"name":"Accueil","item":"http:\/\/www.scolaire-collines.com\/sacrecoeur\/"},{"@type":"ListItem","position":2,"name":"Infos","item":"http:\/\/www.scolaire-collines.com\/sacrecoeur\/infos-pratiques\/"},{"@type":"ListItem","position":3,"name":"Tarifs"}]},{"@type":"WebSite","@id":"http:\/\/www.scolaire-collines.com\/sacrecoeur\/#website","url":"http:\/\/www.scolaire-collines.com\/sacrecoeur\/","name":"Ecole du Sacr\u00e9 Coeur","description":"\u00e9cole du sacr\u00e9 coeur","potentialAction":[{"@type":"SearchAction","target":{"@type":"EntryPoint","urlTemplate":"http:\/\/www.scolaire-collines.com\/sacrecoeur\/?s={search_term_string}"},"query-input":{"@type":"PropertyValueSpecification","valueRequired":true,"valueName":"search_term_string"}}],"inLanguage":"fr-FR"}]}},"_links":{"self":[{"href":"http:\/\/www.scolaire-collines.com\/sacrecoeur\/wp-json\/wp\/v2\/pages\/22","targetHints":{"allow":["GET"]}}],"collection":[{"href":"http:\/\/www.scolaire-collines.com\/sacrecoeur\/wp-json\/wp\/v2\/pages"}],"about":[{"href":"http:\/\/www.scolaire-collines.com\/sacrecoeur\/wp-json\/wp\/v2\/types\/page"}],"author":[{"embeddable":true,"href":"http:\/\/www.scolaire-collines.com\/sacrecoeur\/wp-json\/wp\/v2\/users\/1"}],"replies":[{"embeddable":true,"href":"http:\/\/www.scolaire-collines.com\/sacrecoeur\/wp-json\/wp\/v2\/comments?post=22"}],"version-history":[{"count":36,"href":"http:\/\/www.scolaire-collines.com\/sacrecoeur\/wp-json\/wp\/v2\/pages\/22\/revisions"}],"predecessor-version":[{"id":463,"href":"http:\/\/www.scolaire-collines.com\/sacrecoeur\/wp-json\/wp\/v2\/pages\/22\/revisions\/463"}],"up":[{"embeddable":true,"href":"http:\/\/www.scolaire-collines.com\/sacrecoeur\/wp-json\/wp\/v2\/pages\/16"}],"wp:attachment":[{"href":"http:\/\/www.scolaire-collines.com\/sacrecoeur\/wp-json\/wp\/v2\/media?parent=22"}],"curies":[{"name":"wp","href":"https:\/\/api.w.org\/{rel}","templated":true}]}}