{"id":20,"date":"2013-10-31T15:03:03","date_gmt":"2013-10-31T14:03:03","guid":{"rendered":"http:\/\/www.scolaire-collines.com\/sacrecoeur\/?page_id=20"},"modified":"2020-02-17T14:40:36","modified_gmt":"2020-02-17T13:40:36","slug":"accueil-periscolaire-et-etude-surveillee","status":"publish","type":"page","link":"http:\/\/www.scolaire-collines.com\/sacrecoeur\/infos-pratiques\/accueil-periscolaire-et-etude-surveillee\/","title":{"rendered":"Accueil p\u00e9riscolaire"},"content":{"rendered":"<p style=\"text-align: justify;\">Ce service est r\u00e9serv\u00e9 en priorit\u00e9 aux familles qui travaillent et n\u2019ont donc pas d\u2019autre moyen de garde. En cas d\u2019affluence, un justificatif fourni par l\u2019employeur pourra \u00eatre demand\u00e9 aux parents utilisateurs de l\u2019Accueil P\u00e9riscolaire.<\/p>\n<p><strong>\u00a0<\/strong><\/p>\n<div class=\"su-row\">\n<div class=\"su-column su-column-size-1-2\"><div class=\"su-column-inner su-u-clearfix su-u-trim\">\n<p><strong>L\u2019Accueil P\u00e9riscolaire <\/strong>fonctionne :<\/p>\n<ul>\n<li>tous les <strong>matins de 7 H 30 \u00e0 8 H 05<\/strong><\/li>\n<li>tous les <strong>soirs de 16 H 30 \u00e0 18 H 30<\/strong><\/li>\n<\/ul>\n<p>Les <strong>\u00e9l\u00e8ves <\/strong>se rendent dans la <strong>Salle de Restauration.<\/strong><\/p>\n<\/div><\/div>\n<div class=\"su-column su-column-size-1-2\"><div class=\"su-column-inner su-u-clearfix su-u-trim\">\n<p style=\"text-align: justify;\"><strong>Ce service est payant<\/strong> \u00e0 raison de <strong>0,70 centimes d&rsquo;\u20acuro par demi-heure et par \u00e9l\u00e8ve<\/strong>.<\/p>\n<p style=\"text-align: justify;\">Seule la premi\u00e8re demi-heure du soir (de\u00a016 H 30 \u00e0 17 H 00) est gratuite.<\/p>\n<p>Chaque\u00a0demi-heure entam\u00e9e est due.<\/p>\n<\/div><\/div>\n<\/div>\n<p style=\"text-align: justify;\">Les familles qui utiliseront ce service devront auparavant <strong>cr\u00e9diter leur compte GARDERIE<\/strong> par le biais du <strong>site de paiement en ligne s\u00e9curis\u00e9 \u00ab\u00a0EcoleDirecte\u00a0\u00bb<\/strong> comme pour la cantine. Les familles re\u00e7oivent leurs codes\u00a0confidentiels d&rsquo;acc\u00e8s en d\u00e9but d&rsquo;ann\u00e9e scolaire.<\/p>\n<p style=\"text-align: justify;\">Chaque fois que l\u2019enfant restera une demi-heure (le matin ou le soir), la somme de 0,70 \u20acuro sera d\u00e9duite du compte garderie de l&rsquo;enfant. Il conviendra d&rsquo;approvisionner r\u00e9guli\u00e8rement ce compte si l&rsquo;enfant utilise ce service.<\/p>\n","protected":false},"excerpt":{"rendered":"<p>Ce service est r\u00e9serv\u00e9 en priorit\u00e9 aux familles qui travaillent et n\u2019ont donc pas d\u2019autre moyen de garde. En cas d\u2019affluence, un justificatif fourni par [&hellip;]<\/p>\n","protected":false},"author":1,"featured_media":0,"parent":16,"menu_order":8,"comment_status":"closed","ping_status":"closed","template":"","meta":{"_acf_changed":false,"footnotes":""},"class_list":["post-20","page","type-page","status-publish","hentry"],"acf":[],"yoast_head":"<!-- This site is optimized with the Yoast SEO plugin v24.2 - https:\/\/yoast.com\/wordpress\/plugins\/seo\/ -->\n<title>Accueil p\u00e9riscolaire - Ecole du Sacr\u00e9 Coeur<\/title>\n<meta name=\"robots\" content=\"index, follow, max-snippet:-1, max-image-preview:large, max-video-preview:-1\" \/>\n<link rel=\"canonical\" href=\"https:\/\/www.scolaire-collines.com\/sacrecoeur\/infos-pratiques\/accueil-periscolaire-et-etude-surveillee\/\" \/>\n<meta property=\"og:locale\" content=\"fr_FR\" \/>\n<meta property=\"og:type\" content=\"article\" \/>\n<meta property=\"og:title\" content=\"Accueil p\u00e9riscolaire - Ecole du Sacr\u00e9 Coeur\" \/>\n<meta property=\"og:description\" content=\"Ce service est r\u00e9serv\u00e9 en priorit\u00e9 aux familles qui travaillent et n\u2019ont donc pas d\u2019autre moyen de garde. En cas d\u2019affluence, un justificatif fourni par [&hellip;]\" \/>\n<meta property=\"og:url\" content=\"https:\/\/www.scolaire-collines.com\/sacrecoeur\/infos-pratiques\/accueil-periscolaire-et-etude-surveillee\/\" \/>\n<meta property=\"og:site_name\" content=\"Ecole du Sacr\u00e9 Coeur\" \/>\n<meta property=\"article:modified_time\" content=\"2020-02-17T13:40:36+00:00\" \/>\n<meta name=\"twitter:card\" content=\"summary_large_image\" \/>\n<meta name=\"twitter:label1\" content=\"Dur\u00e9e de lecture estim\u00e9e\" \/>\n\t<meta name=\"twitter:data1\" content=\"1 minute\" \/>\n<script type=\"application\/ld+json\" class=\"yoast-schema-graph\">{\"@context\":\"https:\/\/schema.org\",\"@graph\":[{\"@type\":\"WebPage\",\"@id\":\"https:\/\/www.scolaire-collines.com\/sacrecoeur\/infos-pratiques\/accueil-periscolaire-et-etude-surveillee\/\",\"url\":\"https:\/\/www.scolaire-collines.com\/sacrecoeur\/infos-pratiques\/accueil-periscolaire-et-etude-surveillee\/\",\"name\":\"Accueil p\u00e9riscolaire - Ecole du Sacr\u00e9 Coeur\",\"isPartOf\":{\"@id\":\"http:\/\/www.scolaire-collines.com\/sacrecoeur\/#website\"},\"datePublished\":\"2013-10-31T14:03:03+00:00\",\"dateModified\":\"2020-02-17T13:40:36+00:00\",\"breadcrumb\":{\"@id\":\"https:\/\/www.scolaire-collines.com\/sacrecoeur\/infos-pratiques\/accueil-periscolaire-et-etude-surveillee\/#breadcrumb\"},\"inLanguage\":\"fr-FR\",\"potentialAction\":[{\"@type\":\"ReadAction\",\"target\":[\"https:\/\/www.scolaire-collines.com\/sacrecoeur\/infos-pratiques\/accueil-periscolaire-et-etude-surveillee\/\"]}]},{\"@type\":\"BreadcrumbList\",\"@id\":\"https:\/\/www.scolaire-collines.com\/sacrecoeur\/infos-pratiques\/accueil-periscolaire-et-etude-surveillee\/#breadcrumb\",\"itemListElement\":[{\"@type\":\"ListItem\",\"position\":1,\"name\":\"Accueil\",\"item\":\"http:\/\/www.scolaire-collines.com\/sacrecoeur\/\"},{\"@type\":\"ListItem\",\"position\":2,\"name\":\"Infos\",\"item\":\"http:\/\/www.scolaire-collines.com\/sacrecoeur\/infos-pratiques\/\"},{\"@type\":\"ListItem\",\"position\":3,\"name\":\"Accueil p\u00e9riscolaire\"}]},{\"@type\":\"WebSite\",\"@id\":\"http:\/\/www.scolaire-collines.com\/sacrecoeur\/#website\",\"url\":\"http:\/\/www.scolaire-collines.com\/sacrecoeur\/\",\"name\":\"Ecole du Sacr\u00e9 Coeur\",\"description\":\"\u00e9cole du sacr\u00e9 coeur\",\"potentialAction\":[{\"@type\":\"SearchAction\",\"target\":{\"@type\":\"EntryPoint\",\"urlTemplate\":\"http:\/\/www.scolaire-collines.com\/sacrecoeur\/?s={search_term_string}\"},\"query-input\":{\"@type\":\"PropertyValueSpecification\",\"valueRequired\":true,\"valueName\":\"search_term_string\"}}],\"inLanguage\":\"fr-FR\"}]}<\/script>\n<!-- \/ Yoast SEO plugin. -->","yoast_head_json":{"title":"Accueil p\u00e9riscolaire - Ecole du Sacr\u00e9 Coeur","robots":{"index":"index","follow":"follow","max-snippet":"max-snippet:-1","max-image-preview":"max-image-preview:large","max-video-preview":"max-video-preview:-1"},"canonical":"https:\/\/www.scolaire-collines.com\/sacrecoeur\/infos-pratiques\/accueil-periscolaire-et-etude-surveillee\/","og_locale":"fr_FR","og_type":"article","og_title":"Accueil p\u00e9riscolaire - Ecole du Sacr\u00e9 Coeur","og_description":"Ce service est r\u00e9serv\u00e9 en priorit\u00e9 aux familles qui travaillent et n\u2019ont donc pas d\u2019autre moyen de garde. En cas d\u2019affluence, un justificatif fourni par [&hellip;]","og_url":"https:\/\/www.scolaire-collines.com\/sacrecoeur\/infos-pratiques\/accueil-periscolaire-et-etude-surveillee\/","og_site_name":"Ecole du Sacr\u00e9 Coeur","article_modified_time":"2020-02-17T13:40:36+00:00","twitter_card":"summary_large_image","twitter_misc":{"Dur\u00e9e de lecture estim\u00e9e":"1 minute"},"schema":{"@context":"https:\/\/schema.org","@graph":[{"@type":"WebPage","@id":"https:\/\/www.scolaire-collines.com\/sacrecoeur\/infos-pratiques\/accueil-periscolaire-et-etude-surveillee\/","url":"https:\/\/www.scolaire-collines.com\/sacrecoeur\/infos-pratiques\/accueil-periscolaire-et-etude-surveillee\/","name":"Accueil p\u00e9riscolaire - Ecole du Sacr\u00e9 Coeur","isPartOf":{"@id":"http:\/\/www.scolaire-collines.com\/sacrecoeur\/#website"},"datePublished":"2013-10-31T14:03:03+00:00","dateModified":"2020-02-17T13:40:36+00:00","breadcrumb":{"@id":"https:\/\/www.scolaire-collines.com\/sacrecoeur\/infos-pratiques\/accueil-periscolaire-et-etude-surveillee\/#breadcrumb"},"inLanguage":"fr-FR","potentialAction":[{"@type":"ReadAction","target":["https:\/\/www.scolaire-collines.com\/sacrecoeur\/infos-pratiques\/accueil-periscolaire-et-etude-surveillee\/"]}]},{"@type":"BreadcrumbList","@id":"https:\/\/www.scolaire-collines.com\/sacrecoeur\/infos-pratiques\/accueil-periscolaire-et-etude-surveillee\/#breadcrumb","itemListElement":[{"@type":"ListItem","position":1,"name":"Accueil","item":"http:\/\/www.scolaire-collines.com\/sacrecoeur\/"},{"@type":"ListItem","position":2,"name":"Infos","item":"http:\/\/www.scolaire-collines.com\/sacrecoeur\/infos-pratiques\/"},{"@type":"ListItem","position":3,"name":"Accueil p\u00e9riscolaire"}]},{"@type":"WebSite","@id":"http:\/\/www.scolaire-collines.com\/sacrecoeur\/#website","url":"http:\/\/www.scolaire-collines.com\/sacrecoeur\/","name":"Ecole du Sacr\u00e9 Coeur","description":"\u00e9cole du sacr\u00e9 coeur","potentialAction":[{"@type":"SearchAction","target":{"@type":"EntryPoint","urlTemplate":"http:\/\/www.scolaire-collines.com\/sacrecoeur\/?s={search_term_string}"},"query-input":{"@type":"PropertyValueSpecification","valueRequired":true,"valueName":"search_term_string"}}],"inLanguage":"fr-FR"}]}},"_links":{"self":[{"href":"http:\/\/www.scolaire-collines.com\/sacrecoeur\/wp-json\/wp\/v2\/pages\/20","targetHints":{"allow":["GET"]}}],"collection":[{"href":"http:\/\/www.scolaire-collines.com\/sacrecoeur\/wp-json\/wp\/v2\/pages"}],"about":[{"href":"http:\/\/www.scolaire-collines.com\/sacrecoeur\/wp-json\/wp\/v2\/types\/page"}],"author":[{"embeddable":true,"href":"http:\/\/www.scolaire-collines.com\/sacrecoeur\/wp-json\/wp\/v2\/users\/1"}],"replies":[{"embeddable":true,"href":"http:\/\/www.scolaire-collines.com\/sacrecoeur\/wp-json\/wp\/v2\/comments?post=20"}],"version-history":[{"count":7,"href":"http:\/\/www.scolaire-collines.com\/sacrecoeur\/wp-json\/wp\/v2\/pages\/20\/revisions"}],"predecessor-version":[{"id":431,"href":"http:\/\/www.scolaire-collines.com\/sacrecoeur\/wp-json\/wp\/v2\/pages\/20\/revisions\/431"}],"up":[{"embeddable":true,"href":"http:\/\/www.scolaire-collines.com\/sacrecoeur\/wp-json\/wp\/v2\/pages\/16"}],"wp:attachment":[{"href":"http:\/\/www.scolaire-collines.com\/sacrecoeur\/wp-json\/wp\/v2\/media?parent=20"}],"curies":[{"name":"wp","href":"https:\/\/api.w.org\/{rel}","templated":true}]}}