{"id":695,"date":"2016-11-28T14:30:42","date_gmt":"2016-11-28T13:30:42","guid":{"rendered":"http:\/\/www.scolaire-collines.com\/college\/?page_id=695"},"modified":"2016-11-28T16:25:46","modified_gmt":"2016-11-28T15:25:46","slug":"les-activites-du-temps-de-midi","status":"publish","type":"page","link":"http:\/\/www.scolaire-collines.com\/college\/infos-pratiques\/les-activites-du-temps-de-midi\/","title":{"rendered":"Le temps de midi"},"content":{"rendered":"<p style=\"text-align: center;\"><span style=\"color: #00ff00; font-family: arial,helvetica,sans-serif;\"><strong><span style=\"color: #000000;\">Pendant le temps de midi, les \u00e9l\u00e8ves volontaires peuvent participer \u00e0 diff\u00e9rentes activit\u00e9s <\/span><\/strong><\/span><\/p>\n<p style=\"text-align: center;\"><span style=\"color: #00ff00; font-family: arial,helvetica,sans-serif;\"><strong><span style=\"color: #000000;\">encadr\u00e9es par des professeurs b\u00e9n\u00e9voles :<\/span><\/strong><\/span><\/p>\n<h5 style=\"text-align: center;\"><span style=\"color: #99cc00; font-family: arial,helvetica,sans-serif; font-size: 12pt;\"><strong><a style=\"color: #99cc00;\" title=\"Les jardiniers des Collines\" href=\"http:\/\/www.scolaire-collines.com\/college\/?page_id=709 \" target=\"_self\"><img loading=\"lazy\" decoding=\"async\" class=\"alignnone size-medium wp-image-2172\" src=\"http:\/\/www.scolaire-collines.com\/college-ndc\/wp-content\/uploads\/2016\/11\/jardin1-300x199.jpg\" alt=\"jardin1\" width=\"300\" height=\"199\" srcset=\"http:\/\/www.scolaire-collines.com\/college\/wp-content\/uploads\/2016\/11\/jardin1-300x199.jpg 300w, http:\/\/www.scolaire-collines.com\/college\/wp-content\/uploads\/2016\/11\/jardin1-768x511.jpg 768w, http:\/\/www.scolaire-collines.com\/college\/wp-content\/uploads\/2016\/11\/jardin1-1024x681.jpg 1024w, http:\/\/www.scolaire-collines.com\/college\/wp-content\/uploads\/2016\/11\/jardin1-600x400.jpg 600w\" sizes=\"(max-width: 300px) 100vw, 300px\" \/><\/a><\/strong><\/span><\/h5>\n<h5 style=\"text-align: center;\"><span style=\"color: #99cc00; font-family: arial,helvetica,sans-serif; font-size: 12pt;\"><strong><a style=\"color: #99cc00;\" title=\"Les jardiniers des Collines\" href=\"http:\/\/www.scolaire-collines.com\/college\/?page_id=709 \" target=\"_self\">L<\/a><\/strong><strong><a style=\"color: #99cc00;\" title=\"Les jardiniers des Collines\" href=\"http:\/\/www.scolaire-collines.com\/college\/?page_id=709 \" target=\"_self\">es jardiniers\u00a0des Collines<\/a><\/strong><\/span><\/h5>\n<h5 style=\"text-align: center;\"><span style=\"color: #99cc00; font-family: arial,helvetica,sans-serif; font-size: 12pt;\"><a style=\"color: #99cc00;\" href=\" http:\/\/www.scolaire-collines.com\/college\/?page_id=716 \"><strong>Groupe rock<\/strong><\/a><\/span><\/h5>\n<h5 style=\"text-align: center;\"><span style=\"color: #99cc00; font-family: arial,helvetica,sans-serif; font-size: 12pt;\"><strong><a style=\"color: #99cc00;\" href=\"http:\/\/www.scolaire-collines.com\/college\/?page_id=746 \" target=\"_self\">\u00c9ducation nutritionnelle<\/a><\/strong><\/span><\/h5>\n<h5 style=\"text-align: center;\"><span style=\"color: #99cc00; font-family: arial,helvetica,sans-serif; font-size: 12pt;\"><strong><a style=\"color: #99cc00;\" href=\"http:\/\/www.scolaire-collines.com\/college\/?page_id=746 \" target=\"_self\">UNSS<\/a><\/strong><\/span><\/h5>\n<h5 style=\"text-align: center;\"><span style=\"color: #99cc00; font-family: arial,helvetica,sans-serif; font-size: 12pt;\"><a style=\"color: #99cc00;\" title=\"th\u00e9\u00e2tre d'ombres\" href=\"http:\/\/www.scolaire-collines.com\/college\/?page_id=963\" target=\"_self\"><strong>Th\u00e9\u00e2tre d&rsquo;ombres<\/strong><\/a><\/span><\/h5>\n<h5 style=\"text-align: center;\"><span style=\"color: #99cc00; font-family: arial,helvetica,sans-serif; font-size: 12pt;\"><strong><a style=\"color: #99cc00;\" title=\"Ludoth\u00e8que\" href=\"http:\/\/www.scolaire-collines.com\/college\/?page_id=732 \" target=\"_self\">Ludoth\u00e8que<\/a><\/strong><\/span><\/h5>\n<p style=\"text-align: center;\"><span style=\"color: #00ff00; font-family: arial,helvetica,sans-serif;\"><strong><span style=\"color: #000000;\">A ces activit\u00e9s s&rsquo;ajoute <span style=\"color: #99cc00;\"><a style=\"color: #99cc00;\" title=\"aum\u00f4nerie\" href=\"http:\/\/www.scolaire-collines.com\/college\/?page_id=655\" target=\"_blank\">la pastorale<\/a><\/span>, pour les \u00e9l\u00e8ves inscrits.<\/span><\/strong><\/span><\/p>\n","protected":false},"excerpt":{"rendered":"<p>Pendant le temps de midi, les \u00e9l\u00e8ves volontaires peuvent participer \u00e0 diff\u00e9rentes activit\u00e9s encadr\u00e9es par des professeurs b\u00e9n\u00e9voles : Les jardiniers\u00a0des Collines Groupe rock \u00c9ducation nutritionnelle UNSS Th\u00e9\u00e2tre d&rsquo;ombres Ludoth\u00e8que A ces activit\u00e9s s&rsquo;ajoute la pastorale, pour les \u00e9l\u00e8ves inscrits.<\/p>\n","protected":false},"author":1,"featured_media":0,"parent":7,"menu_order":5,"comment_status":"closed","ping_status":"closed","template":"","meta":{"_acf_changed":false,"_et_pb_use_builder":"","_et_pb_old_content":"","_et_gb_content_width":"","footnotes":""},"class_list":["post-695","page","type-page","status-publish","hentry"],"acf":[],"yoast_head":"<!-- This site is optimized with the Yoast SEO plugin v27.4 - https:\/\/yoast.com\/product\/yoast-seo-wordpress\/ -->\n<title>Le temps de midi - Coll\u00e8ge Notre-Dame des Collines<\/title>\n<meta name=\"robots\" content=\"index, follow, max-snippet:-1, max-image-preview:large, max-video-preview:-1\" \/>\n<link rel=\"canonical\" href=\"http:\/\/www.scolaire-collines.com\/college\/infos-pratiques\/les-activites-du-temps-de-midi\/\" \/>\n<meta property=\"og:locale\" content=\"fr_FR\" \/>\n<meta property=\"og:type\" content=\"article\" \/>\n<meta property=\"og:title\" content=\"Le temps de midi - Coll\u00e8ge Notre-Dame des Collines\" \/>\n<meta property=\"og:description\" content=\"Pendant le temps de midi, les \u00e9l\u00e8ves volontaires peuvent participer \u00e0 diff\u00e9rentes activit\u00e9s encadr\u00e9es par des professeurs b\u00e9n\u00e9voles : Les jardiniers\u00a0des Collines Groupe rock \u00c9ducation nutritionnelle UNSS Th\u00e9\u00e2tre d&rsquo;ombres Ludoth\u00e8que A ces activit\u00e9s s&rsquo;ajoute la pastorale, pour les \u00e9l\u00e8ves inscrits.\" \/>\n<meta property=\"og:url\" content=\"http:\/\/www.scolaire-collines.com\/college\/infos-pratiques\/les-activites-du-temps-de-midi\/\" \/>\n<meta property=\"og:site_name\" content=\"Coll\u00e8ge Notre-Dame des Collines\" \/>\n<meta property=\"article:modified_time\" content=\"2016-11-28T15:25:46+00:00\" \/>\n<meta property=\"og:image\" content=\"http:\/\/www.scolaire-collines.com\/college-ndc\/wp-content\/uploads\/2016\/11\/jardin1-300x199.jpg\" \/>\n<meta name=\"twitter:card\" content=\"summary_large_image\" \/>\n<script type=\"application\/ld+json\" class=\"yoast-schema-graph\">{\"@context\":\"https:\\\/\\\/schema.org\",\"@graph\":[{\"@type\":\"WebPage\",\"@id\":\"http:\\\/\\\/www.scolaire-collines.com\\\/college\\\/infos-pratiques\\\/les-activites-du-temps-de-midi\\\/\",\"url\":\"http:\\\/\\\/www.scolaire-collines.com\\\/college\\\/infos-pratiques\\\/les-activites-du-temps-de-midi\\\/\",\"name\":\"Le temps de midi - Coll\u00e8ge Notre-Dame des Collines\",\"isPartOf\":{\"@id\":\"https:\\\/\\\/www.scolaire-collines.com\\\/college\\\/#website\"},\"primaryImageOfPage\":{\"@id\":\"http:\\\/\\\/www.scolaire-collines.com\\\/college\\\/infos-pratiques\\\/les-activites-du-temps-de-midi\\\/#primaryimage\"},\"image\":{\"@id\":\"http:\\\/\\\/www.scolaire-collines.com\\\/college\\\/infos-pratiques\\\/les-activites-du-temps-de-midi\\\/#primaryimage\"},\"thumbnailUrl\":\"http:\\\/\\\/www.scolaire-collines.com\\\/college-ndc\\\/wp-content\\\/uploads\\\/2016\\\/11\\\/jardin1-300x199.jpg\",\"datePublished\":\"2016-11-28T13:30:42+00:00\",\"dateModified\":\"2016-11-28T15:25:46+00:00\",\"breadcrumb\":{\"@id\":\"http:\\\/\\\/www.scolaire-collines.com\\\/college\\\/infos-pratiques\\\/les-activites-du-temps-de-midi\\\/#breadcrumb\"},\"inLanguage\":\"fr-FR\",\"potentialAction\":[{\"@type\":\"ReadAction\",\"target\":[\"http:\\\/\\\/www.scolaire-collines.com\\\/college\\\/infos-pratiques\\\/les-activites-du-temps-de-midi\\\/\"]}]},{\"@type\":\"ImageObject\",\"inLanguage\":\"fr-FR\",\"@id\":\"http:\\\/\\\/www.scolaire-collines.com\\\/college\\\/infos-pratiques\\\/les-activites-du-temps-de-midi\\\/#primaryimage\",\"url\":\"http:\\\/\\\/www.scolaire-collines.com\\\/college-ndc\\\/wp-content\\\/uploads\\\/2016\\\/11\\\/jardin1-300x199.jpg\",\"contentUrl\":\"http:\\\/\\\/www.scolaire-collines.com\\\/college-ndc\\\/wp-content\\\/uploads\\\/2016\\\/11\\\/jardin1-300x199.jpg\"},{\"@type\":\"BreadcrumbList\",\"@id\":\"http:\\\/\\\/www.scolaire-collines.com\\\/college\\\/infos-pratiques\\\/les-activites-du-temps-de-midi\\\/#breadcrumb\",\"itemListElement\":[{\"@type\":\"ListItem\",\"position\":1,\"name\":\"Accueil\",\"item\":\"https:\\\/\\\/www.scolaire-collines.com\\\/college\\\/\"},{\"@type\":\"ListItem\",\"position\":2,\"name\":\"Infos pratiques\",\"item\":\"http:\\\/\\\/www.scolaire-collines.com\\\/college\\\/infos-pratiques\\\/\"},{\"@type\":\"ListItem\",\"position\":3,\"name\":\"Le temps de midi\"}]},{\"@type\":\"WebSite\",\"@id\":\"https:\\\/\\\/www.scolaire-collines.com\\\/college\\\/#website\",\"url\":\"https:\\\/\\\/www.scolaire-collines.com\\\/college\\\/\",\"name\":\"Coll\u00e8ge Notre-Dame des Collines\",\"description\":\"Un coll\u00e8ge qui fait grandir\",\"potentialAction\":[{\"@type\":\"SearchAction\",\"target\":{\"@type\":\"EntryPoint\",\"urlTemplate\":\"https:\\\/\\\/www.scolaire-collines.com\\\/college\\\/?s={search_term_string}\"},\"query-input\":{\"@type\":\"PropertyValueSpecification\",\"valueRequired\":true,\"valueName\":\"search_term_string\"}}],\"inLanguage\":\"fr-FR\"}]}<\/script>\n<!-- \/ Yoast SEO plugin. -->","yoast_head_json":{"title":"Le temps de midi - Coll\u00e8ge Notre-Dame des Collines","robots":{"index":"index","follow":"follow","max-snippet":"max-snippet:-1","max-image-preview":"max-image-preview:large","max-video-preview":"max-video-preview:-1"},"canonical":"http:\/\/www.scolaire-collines.com\/college\/infos-pratiques\/les-activites-du-temps-de-midi\/","og_locale":"fr_FR","og_type":"article","og_title":"Le temps de midi - Coll\u00e8ge Notre-Dame des Collines","og_description":"Pendant le temps de midi, les \u00e9l\u00e8ves volontaires peuvent participer \u00e0 diff\u00e9rentes activit\u00e9s encadr\u00e9es par des professeurs b\u00e9n\u00e9voles : Les jardiniers\u00a0des Collines Groupe rock \u00c9ducation nutritionnelle UNSS Th\u00e9\u00e2tre d&rsquo;ombres Ludoth\u00e8que A ces activit\u00e9s s&rsquo;ajoute la pastorale, pour les \u00e9l\u00e8ves inscrits.","og_url":"http:\/\/www.scolaire-collines.com\/college\/infos-pratiques\/les-activites-du-temps-de-midi\/","og_site_name":"Coll\u00e8ge Notre-Dame des Collines","article_modified_time":"2016-11-28T15:25:46+00:00","og_image":[{"url":"http:\/\/www.scolaire-collines.com\/college-ndc\/wp-content\/uploads\/2016\/11\/jardin1-300x199.jpg","type":"","width":"","height":""}],"twitter_card":"summary_large_image","schema":{"@context":"https:\/\/schema.org","@graph":[{"@type":"WebPage","@id":"http:\/\/www.scolaire-collines.com\/college\/infos-pratiques\/les-activites-du-temps-de-midi\/","url":"http:\/\/www.scolaire-collines.com\/college\/infos-pratiques\/les-activites-du-temps-de-midi\/","name":"Le temps de midi - Coll\u00e8ge Notre-Dame des Collines","isPartOf":{"@id":"https:\/\/www.scolaire-collines.com\/college\/#website"},"primaryImageOfPage":{"@id":"http:\/\/www.scolaire-collines.com\/college\/infos-pratiques\/les-activites-du-temps-de-midi\/#primaryimage"},"image":{"@id":"http:\/\/www.scolaire-collines.com\/college\/infos-pratiques\/les-activites-du-temps-de-midi\/#primaryimage"},"thumbnailUrl":"http:\/\/www.scolaire-collines.com\/college-ndc\/wp-content\/uploads\/2016\/11\/jardin1-300x199.jpg","datePublished":"2016-11-28T13:30:42+00:00","dateModified":"2016-11-28T15:25:46+00:00","breadcrumb":{"@id":"http:\/\/www.scolaire-collines.com\/college\/infos-pratiques\/les-activites-du-temps-de-midi\/#breadcrumb"},"inLanguage":"fr-FR","potentialAction":[{"@type":"ReadAction","target":["http:\/\/www.scolaire-collines.com\/college\/infos-pratiques\/les-activites-du-temps-de-midi\/"]}]},{"@type":"ImageObject","inLanguage":"fr-FR","@id":"http:\/\/www.scolaire-collines.com\/college\/infos-pratiques\/les-activites-du-temps-de-midi\/#primaryimage","url":"http:\/\/www.scolaire-collines.com\/college-ndc\/wp-content\/uploads\/2016\/11\/jardin1-300x199.jpg","contentUrl":"http:\/\/www.scolaire-collines.com\/college-ndc\/wp-content\/uploads\/2016\/11\/jardin1-300x199.jpg"},{"@type":"BreadcrumbList","@id":"http:\/\/www.scolaire-collines.com\/college\/infos-pratiques\/les-activites-du-temps-de-midi\/#breadcrumb","itemListElement":[{"@type":"ListItem","position":1,"name":"Accueil","item":"https:\/\/www.scolaire-collines.com\/college\/"},{"@type":"ListItem","position":2,"name":"Infos pratiques","item":"http:\/\/www.scolaire-collines.com\/college\/infos-pratiques\/"},{"@type":"ListItem","position":3,"name":"Le temps de midi"}]},{"@type":"WebSite","@id":"https:\/\/www.scolaire-collines.com\/college\/#website","url":"https:\/\/www.scolaire-collines.com\/college\/","name":"Coll\u00e8ge Notre-Dame des Collines","description":"Un coll\u00e8ge qui fait grandir","potentialAction":[{"@type":"SearchAction","target":{"@type":"EntryPoint","urlTemplate":"https:\/\/www.scolaire-collines.com\/college\/?s={search_term_string}"},"query-input":{"@type":"PropertyValueSpecification","valueRequired":true,"valueName":"search_term_string"}}],"inLanguage":"fr-FR"}]}},"_links":{"self":[{"href":"http:\/\/www.scolaire-collines.com\/college\/wp-json\/wp\/v2\/pages\/695","targetHints":{"allow":["GET"]}}],"collection":[{"href":"http:\/\/www.scolaire-collines.com\/college\/wp-json\/wp\/v2\/pages"}],"about":[{"href":"http:\/\/www.scolaire-collines.com\/college\/wp-json\/wp\/v2\/types\/page"}],"author":[{"embeddable":true,"href":"http:\/\/www.scolaire-collines.com\/college\/wp-json\/wp\/v2\/users\/1"}],"replies":[{"embeddable":true,"href":"http:\/\/www.scolaire-collines.com\/college\/wp-json\/wp\/v2\/comments?post=695"}],"version-history":[{"count":4,"href":"http:\/\/www.scolaire-collines.com\/college\/wp-json\/wp\/v2\/pages\/695\/revisions"}],"predecessor-version":[{"id":2173,"href":"http:\/\/www.scolaire-collines.com\/college\/wp-json\/wp\/v2\/pages\/695\/revisions\/2173"}],"up":[{"embeddable":true,"href":"http:\/\/www.scolaire-collines.com\/college\/wp-json\/wp\/v2\/pages\/7"}],"wp:attachment":[{"href":"http:\/\/www.scolaire-collines.com\/college\/wp-json\/wp\/v2\/media?parent=695"}],"curies":[{"name":"wp","href":"https:\/\/api.w.org\/{rel}","templated":true}]}}