{"version":"1.0","provider_name":"Coll\u00e8ge Notre-Dame des Collines","provider_url":"http:\/\/www.scolaire-collines.com\/college","author_name":"admin","author_url":"http:\/\/www.scolaire-collines.com\/college\/author\/admin\/","title":"l'animation pastorale - Coll\u00e8ge Notre-Dame des Collines","type":"rich","width":600,"height":338,"html":"<blockquote class=\"wp-embedded-content\" data-secret=\"vgl18NhSRj\"><a href=\"http:\/\/www.scolaire-collines.com\/college\/projets\/projet-detablissement\/lanimation-pastorale\/\">l&rsquo;animation pastorale<\/a><\/blockquote><iframe sandbox=\"allow-scripts\" security=\"restricted\" src=\"http:\/\/www.scolaire-collines.com\/college\/projets\/projet-detablissement\/lanimation-pastorale\/embed\/#?secret=vgl18NhSRj\" width=\"600\" height=\"338\" title=\"\u00ab\u00a0l&rsquo;animation pastorale\u00a0\u00bb &#8212; Coll\u00e8ge Notre-Dame des Collines\" data-secret=\"vgl18NhSRj\" frameborder=\"0\" marginwidth=\"0\" marginheight=\"0\" scrolling=\"no\" class=\"wp-embedded-content\"><\/iframe><script type=\"text\/javascript\">\n\/* <![CDATA[ *\/\n\/*! This file is auto-generated *\/\n!function(d,l){\"use strict\";l.querySelector&&d.addEventListener&&\"undefined\"!=typeof URL&&(d.wp=d.wp||{},d.wp.receiveEmbedMessage||(d.wp.receiveEmbedMessage=function(e){var t=e.data;if((t||t.secret||t.message||t.value)&&!\/[^a-zA-Z0-9]\/.test(t.secret)){for(var s,r,n,a=l.querySelectorAll('iframe[data-secret=\"'+t.secret+'\"]'),o=l.querySelectorAll('blockquote[data-secret=\"'+t.secret+'\"]'),c=new RegExp(\"^https?:$\",\"i\"),i=0;i<o.length;i++)o[i].style.display=\"none\";for(i=0;i<a.length;i++)s=a[i],e.source===s.contentWindow&&(s.removeAttribute(\"style\"),\"height\"===t.message?(1e3<(r=parseInt(t.value,10))?r=1e3:~~r<200&&(r=200),s.height=r):\"link\"===t.message&&(r=new URL(s.getAttribute(\"src\")),n=new URL(t.value),c.test(n.protocol))&&n.host===r.host&&l.activeElement===s&&(d.top.location.href=t.value))}},d.addEventListener(\"message\",d.wp.receiveEmbedMessage,!1),l.addEventListener(\"DOMContentLoaded\",function(){for(var e,t,s=l.querySelectorAll(\"iframe.wp-embedded-content\"),r=0;r<s.length;r++)(t=(e=s[r]).getAttribute(\"data-secret\"))||(t=Math.random().toString(36).substring(2,12),e.src+=\"#?secret=\"+t,e.setAttribute(\"data-secret\",t)),e.contentWindow.postMessage({message:\"ready\",secret:t},\"*\")},!1)))}(window,document);\n\/\/# sourceURL=http:\/\/www.scolaire-collines.com\/college\/wp-includes\/js\/wp-embed.min.js\n\/* ]]> *\/\n<\/script>\n","description":"L\u2019accueil et la disponibilit\u00e9 de l\u2019\u00e9quipe pastorale permettent de d\u00e9velopper un certain nombre de projets\u00a0 favorisant chez les\u00a0 membres de la communaut\u00e9 \u00e9ducative une prise de conscience de la dimension sp\u00e9cifique de notre \u00e9tablissement et de sa r\u00e9f\u00e9rence \u00e9vang\u00e9lique. Propositions de temps forts, temps de r\u00e9flexion humaine et chr\u00e9tienne, actions de solidarit\u00e9, propositions cat\u00e9ch\u00e9tiques et [&hellip;]"}